{"id":5062,"date":"2023-03-15T13:06:49","date_gmt":"2023-03-15T12:06:49","guid":{"rendered":"https:\/\/gw2.staubdesign.de\/sarre\/"},"modified":"2024-02-27T17:05:49","modified_gmt":"2024-02-27T16:05:49","slug":"sarre","status":"publish","type":"page","link":"https:\/\/gw2.staubdesign.de\/fr\/sarre\/","title":{"rendered":"Sarre"},"content":{"rendered":"\t\t<div data-elementor-type=\"wp-page\" data-elementor-id=\"5062\" class=\"elementor elementor-5062 elementor-802\">\n\t\t\t\t<div class=\"elementor-element elementor-element-1f9409b e-con-full klammer e-flex e-con e-parent\" data-id=\"1f9409b\" data-element_type=\"container\" data-settings=\"{&quot;content_width&quot;:&quot;full&quot;,&quot;background_background&quot;:&quot;classic&quot;,&quot;container_type&quot;:&quot;flex&quot;}\" data-e-bg-lazyload=\"\" data-core-v316-plus=\"true\">\n\t\t<div class=\"elementor-element elementor-element-72ef502 e-con-full e-flex e-con e-child\" data-id=\"72ef502\" data-element_type=\"container\" data-settings=\"{&quot;content_width&quot;:&quot;full&quot;,&quot;container_type&quot;:&quot;flex&quot;}\">\n\t\t\t\t<div class=\"elementor-element elementor-element-dd57ef6 elementor-widget elementor-widget-heading\" data-id=\"dd57ef6\" data-element_type=\"widget\" data-widget_type=\"heading.default\">\n\t\t\t\t<div class=\"elementor-widget-container\">\n\t\t\t<style>\/*! elementor - v3.19.0 - 26-02-2024 *\/\n.elementor-heading-title{padding:0;margin:0;line-height:1}.elementor-widget-heading .elementor-heading-title[class*=elementor-size-]>a{color:inherit;font-size:inherit;line-height:inherit}.elementor-widget-heading .elementor-heading-title.elementor-size-small{font-size:15px}.elementor-widget-heading .elementor-heading-title.elementor-size-medium{font-size:19px}.elementor-widget-heading .elementor-heading-title.elementor-size-large{font-size:29px}.elementor-widget-heading .elementor-heading-title.elementor-size-xl{font-size:39px}.elementor-widget-heading .elementor-heading-title.elementor-size-xxl{font-size:59px}<\/style><h1 class=\"elementor-heading-title elementor-size-default\">L\u00e0 o\u00f9\nbat le c\u0153ur de l\u2019Europe<\/h1>\t\t<\/div>\n\t\t\t\t<\/div>\n\t\t\t\t<div class=\"elementor-element elementor-element-41914bd elementor-widget__width-initial elementor-widget elementor-widget-heading\" data-id=\"41914bd\" data-element_type=\"widget\" data-widget_type=\"heading.default\">\n\t\t\t\t<div class=\"elementor-widget-container\">\n\t\t\t<div class=\"elementor-heading-title elementor-size-default\">La Sarre est en Plein c\u0152ur de L'importante zone \u00e9conomique UE<\/div>\t\t<\/div>\n\t\t\t\t<\/div>\n\t\t\t\t<\/div>\n\t\t<div class=\"elementor-element elementor-element-3745535 e-con-full animated-slow backanimation e-flex elementor-invisible e-con e-child\" data-id=\"3745535\" data-element_type=\"container\" data-settings=\"{&quot;content_width&quot;:&quot;full&quot;,&quot;background_background&quot;:&quot;classic&quot;,&quot;animation&quot;:&quot;fadeInRight&quot;,&quot;animation_tablet&quot;:&quot;fadeInRight&quot;,&quot;animation_delay&quot;:1000,&quot;container_type&quot;:&quot;flex&quot;}\" data-e-bg-lazyload=\"\">\n\t\t\t\t<\/div>\n\t\t\t\t<\/div>\n\t\t<div class=\"elementor-element elementor-element-a159255 e-flex e-con-boxed e-con e-parent\" data-id=\"a159255\" data-element_type=\"container\" data-settings=\"{&quot;container_type&quot;:&quot;flex&quot;,&quot;content_width&quot;:&quot;boxed&quot;}\" data-core-v316-plus=\"true\">\n\t\t\t\t\t<div class=\"e-con-inner\">\n\t\t\t\t<div class=\"elementor-element elementor-element-731ad3e elementor-widget-tablet__width-initial elementor-widget elementor-widget-heading\" data-id=\"731ad3e\" data-element_type=\"widget\" data-widget_type=\"heading.default\">\n\t\t\t\t<div class=\"elementor-widget-container\">\n\t\t\t<h2 class=\"elementor-heading-title elementor-size-default\">GERMANY'S SAARLAND<\/h2>\t\t<\/div>\n\t\t\t\t<\/div>\n\t\t\t\t<div class=\"elementor-element elementor-element-532e190 elementor-widget-tablet__width-initial elementor-widget elementor-widget-heading\" data-id=\"532e190\" data-element_type=\"widget\" data-widget_type=\"heading.default\">\n\t\t\t\t<div class=\"elementor-widget-container\">\n\t\t\t<h3 class=\"elementor-heading-title elementor-size-default\">Unique, internationale, vari\u00e9e<\/h3>\t\t<\/div>\n\t\t\t\t<\/div>\n\t\t\t\t<div class=\"elementor-element elementor-element-0a41e90 elementor-widget-divider--view-line elementor-widget elementor-widget-divider\" data-id=\"0a41e90\" data-element_type=\"widget\" data-widget_type=\"divider.default\">\n\t\t\t\t<div class=\"elementor-widget-container\">\n\t\t\t<style>\/*! elementor - v3.19.0 - 26-02-2024 *\/\n.elementor-widget-divider{--divider-border-style:none;--divider-border-width:1px;--divider-color:#0c0d0e;--divider-icon-size:20px;--divider-element-spacing:10px;--divider-pattern-height:24px;--divider-pattern-size:20px;--divider-pattern-url:none;--divider-pattern-repeat:repeat-x}.elementor-widget-divider .elementor-divider{display:flex}.elementor-widget-divider .elementor-divider__text{font-size:15px;line-height:1;max-width:95%}.elementor-widget-divider .elementor-divider__element{margin:0 var(--divider-element-spacing);flex-shrink:0}.elementor-widget-divider .elementor-icon{font-size:var(--divider-icon-size)}.elementor-widget-divider .elementor-divider-separator{display:flex;margin:0;direction:ltr}.elementor-widget-divider--view-line_icon .elementor-divider-separator,.elementor-widget-divider--view-line_text .elementor-divider-separator{align-items:center}.elementor-widget-divider--view-line_icon .elementor-divider-separator:after,.elementor-widget-divider--view-line_icon .elementor-divider-separator:before,.elementor-widget-divider--view-line_text .elementor-divider-separator:after,.elementor-widget-divider--view-line_text .elementor-divider-separator:before{display:block;content:\"\";border-block-end:0;flex-grow:1;border-block-start:var(--divider-border-width) var(--divider-border-style) var(--divider-color)}.elementor-widget-divider--element-align-left .elementor-divider .elementor-divider-separator>.elementor-divider__svg:first-of-type{flex-grow:0;flex-shrink:100}.elementor-widget-divider--element-align-left .elementor-divider-separator:before{content:none}.elementor-widget-divider--element-align-left .elementor-divider__element{margin-left:0}.elementor-widget-divider--element-align-right .elementor-divider .elementor-divider-separator>.elementor-divider__svg:last-of-type{flex-grow:0;flex-shrink:100}.elementor-widget-divider--element-align-right .elementor-divider-separator:after{content:none}.elementor-widget-divider--element-align-right .elementor-divider__element{margin-right:0}.elementor-widget-divider--element-align-start .elementor-divider .elementor-divider-separator>.elementor-divider__svg:first-of-type{flex-grow:0;flex-shrink:100}.elementor-widget-divider--element-align-start .elementor-divider-separator:before{content:none}.elementor-widget-divider--element-align-start .elementor-divider__element{margin-inline-start:0}.elementor-widget-divider--element-align-end .elementor-divider .elementor-divider-separator>.elementor-divider__svg:last-of-type{flex-grow:0;flex-shrink:100}.elementor-widget-divider--element-align-end .elementor-divider-separator:after{content:none}.elementor-widget-divider--element-align-end .elementor-divider__element{margin-inline-end:0}.elementor-widget-divider:not(.elementor-widget-divider--view-line_text):not(.elementor-widget-divider--view-line_icon) .elementor-divider-separator{border-block-start:var(--divider-border-width) var(--divider-border-style) var(--divider-color)}.elementor-widget-divider--separator-type-pattern{--divider-border-style:none}.elementor-widget-divider--separator-type-pattern.elementor-widget-divider--view-line .elementor-divider-separator,.elementor-widget-divider--separator-type-pattern:not(.elementor-widget-divider--view-line) .elementor-divider-separator:after,.elementor-widget-divider--separator-type-pattern:not(.elementor-widget-divider--view-line) .elementor-divider-separator:before,.elementor-widget-divider--separator-type-pattern:not([class*=elementor-widget-divider--view]) .elementor-divider-separator{width:100%;min-height:var(--divider-pattern-height);-webkit-mask-size:var(--divider-pattern-size) 100%;mask-size:var(--divider-pattern-size) 100%;-webkit-mask-repeat:var(--divider-pattern-repeat);mask-repeat:var(--divider-pattern-repeat);background-color:var(--divider-color);-webkit-mask-image:var(--divider-pattern-url);mask-image:var(--divider-pattern-url)}.elementor-widget-divider--no-spacing{--divider-pattern-size:auto}.elementor-widget-divider--bg-round{--divider-pattern-repeat:round}.rtl .elementor-widget-divider .elementor-divider__text{direction:rtl}.e-con-inner>.elementor-widget-divider,.e-con>.elementor-widget-divider{width:var(--container-widget-width,100%);--flex-grow:var(--container-widget-flex-grow)}<\/style>\t\t<div class=\"elementor-divider\">\n\t\t\t<span class=\"elementor-divider-separator\">\n\t\t\t\t\t\t<\/span>\n\t\t<\/div>\n\t\t\t\t<\/div>\n\t\t\t\t<\/div>\n\t\t\t\t<div class=\"elementor-element elementor-element-9cba762 elementor-widget elementor-widget-text-editor\" data-id=\"9cba762\" data-element_type=\"widget\" data-widget_type=\"text-editor.default\">\n\t\t\t\t<div class=\"elementor-widget-container\">\n\t\t\t<style>\/*! elementor - v3.19.0 - 26-02-2024 *\/\n.elementor-widget-text-editor.elementor-drop-cap-view-stacked .elementor-drop-cap{background-color:#69727d;color:#fff}.elementor-widget-text-editor.elementor-drop-cap-view-framed .elementor-drop-cap{color:#69727d;border:3px solid;background-color:transparent}.elementor-widget-text-editor:not(.elementor-drop-cap-view-default) .elementor-drop-cap{margin-top:8px}.elementor-widget-text-editor:not(.elementor-drop-cap-view-default) .elementor-drop-cap-letter{width:1em;height:1em}.elementor-widget-text-editor .elementor-drop-cap{float:left;text-align:center;line-height:1;font-size:50px}.elementor-widget-text-editor .elementor-drop-cap-letter{display:inline-block}<\/style>\t\t\t\tLa Sarre, l\u2019un des 16 \u00c9tats f\u00e9d\u00e9raux d&rsquo;Allemagne, se distingue par une histoire hors du commun.\nEn 250 ans, le Land a chang\u00e9 8 fois de nationalit\u00e9. Autrefois, nous \u00e9tions fran\u00e7ais et ind\u00e9pendants \u2013 aujourd\u2019hui, nous nous sommes mis \u00e0 l\u2019international. Sa situation g\u00e9ographique centrale, les liens internationaux et sa diversit\u00e9 conf\u00e8rent \u00e0 notre Land un caract\u00e8re que l\u2019on ne retrouve nulle part ailleurs en Allemagne.\t\t\t\t\t\t<\/div>\n\t\t\t\t<\/div>\n\t\t\t\t\t<\/div>\n\t\t\t\t<\/div>\n\t\t<div class=\"elementor-element elementor-element-afdad86 e-flex e-con-boxed e-con e-parent\" data-id=\"afdad86\" data-element_type=\"container\" data-settings=\"{&quot;background_background&quot;:&quot;classic&quot;,&quot;container_type&quot;:&quot;flex&quot;,&quot;content_width&quot;:&quot;boxed&quot;}\" data-core-v316-plus=\"true\">\n\t\t\t\t\t<div class=\"e-con-inner\">\n\t\t<div class=\"elementor-element elementor-element-3bc0c2f e-con-full e-flex e-con e-child\" data-id=\"3bc0c2f\" data-element_type=\"container\" data-settings=\"{&quot;content_width&quot;:&quot;full&quot;,&quot;container_type&quot;:&quot;flex&quot;}\">\n\t\t\t\t<div class=\"elementor-element elementor-element-54382c5 elementor-widget elementor-widget-heading\" data-id=\"54382c5\" data-element_type=\"widget\" data-widget_type=\"heading.default\">\n\t\t\t\t<div class=\"elementor-widget-container\">\n\t\t\t<h2 class=\"elementor-heading-title elementor-size-default\">Bienvenue aux industriels !<\/h2>\t\t<\/div>\n\t\t\t\t<\/div>\n\t\t\t\t<div class=\"elementor-element elementor-element-aed396d elementor-widget elementor-widget-heading\" data-id=\"aed396d\" data-element_type=\"widget\" data-widget_type=\"heading.default\">\n\t\t\t\t<div class=\"elementor-widget-container\">\n\t\t\t<h2 class=\"elementor-heading-title elementor-size-default\">L\u2019ATTENTION APPORT\u00c9E \u00c0 L\u2019\u00c9CONOMIE EST UNE R\u00c9ALIT\u00c9<\/h2>\t\t<\/div>\n\t\t\t\t<\/div>\n\t\t\t\t<div class=\"elementor-element elementor-element-1b46bd6 elementor-widget elementor-widget-text-editor\" data-id=\"1b46bd6\" data-element_type=\"widget\" data-widget_type=\"text-editor.default\">\n\t\t\t\t<div class=\"elementor-widget-container\">\n\t\t\t\t\t\t\t<p>La Sarre a une longue tradition industrielle, principalement marqu\u00e9e par l\u2019industrie du charbon et de l\u2019acier. Le tissu industriel a \u00e9volu\u00e9 au fil du temps. La Sarre est devenue un site d\u2019accueil d\u2019entreprises industrielles innovantes, synonymes de produits de pointe et de nouvelles technologies. Le gouvernement sarrois mise sur la promotion et le renforcement de l\u2019industrie, la mise en place d\u2019incitations aux investissements et soutient les projets de recherche et de d\u00e9veloppement.<\/p>\t\t\t\t\t\t<\/div>\n\t\t\t\t<\/div>\n\t\t\t\t<\/div>\n\t\t<div class=\"elementor-element elementor-element-ef35f73 e-con-full e-flex e-con e-child\" data-id=\"ef35f73\" data-element_type=\"container\" data-settings=\"{&quot;content_width&quot;:&quot;full&quot;,&quot;container_type&quot;:&quot;flex&quot;}\">\n\t\t\t\t<div class=\"elementor-element elementor-element-a7a11c2 elementor-widget elementor-widget-image\" data-id=\"a7a11c2\" data-element_type=\"widget\" data-widget_type=\"image.default\">\n\t\t\t\t<div class=\"elementor-widget-container\">\n\t\t\t<style>\/*! elementor - v3.19.0 - 26-02-2024 *\/\n.elementor-widget-image{text-align:center}.elementor-widget-image a{display:inline-block}.elementor-widget-image a img[src$=\".svg\"]{width:48px}.elementor-widget-image img{vertical-align:middle;display:inline-block}<\/style>\t\t\t\t\t\t\t\t\t\t<img decoding=\"async\" src=\"https:\/\/gw2.staubdesign.de\/wp-content\/uploads\/industrie-icon-white.svg\" class=\"attachment-full size-full wp-image-3004\" alt=\"\" \/>\t\t\t\t\t\t\t\t\t\t\t\t\t<\/div>\n\t\t\t\t<\/div>\n\t\t\t\t<div class=\"elementor-element elementor-element-2f2e9b1 elementor-widget elementor-widget-heading\" data-id=\"2f2e9b1\" data-element_type=\"widget\" data-widget_type=\"heading.default\">\n\t\t\t\t<div class=\"elementor-widget-container\">\n\t\t\t<h2 class=\"elementor-heading-title elementor-size-default\">EXCELLENTES CONDITIONS POUR L\u2019INDUSTRIE :<\/h2>\t\t<\/div>\n\t\t\t\t<\/div>\n\t\t\t\t<div class=\"elementor-element elementor-element-5b79ff7 elementor-icon-list--layout-traditional elementor-list-item-link-full_width elementor-widget elementor-widget-icon-list\" data-id=\"5b79ff7\" data-element_type=\"widget\" data-widget_type=\"icon-list.default\">\n\t\t\t\t<div class=\"elementor-widget-container\">\n\t\t\t<link rel=\"stylesheet\" href=\"https:\/\/gw2.staubdesign.de\/wp-content\/uploads\/elementor\/css\/custom-widget-icon-list.min.css?ver=1709110745\">\t\t<ul class=\"elementor-icon-list-items\">\n\t\t\t\t\t\t\t<li class=\"elementor-icon-list-item\">\n\t\t\t\t\t\t\t\t\t\t<span class=\"elementor-icon-list-text\">Une main-d\u2019\u0153uvre hautement qualifi\u00e9e et disposant d\u2019une exp\u00e9rience industrielle<\/span>\n\t\t\t\t\t\t\t\t\t<\/li>\n\t\t\t\t\t\t\t\t<li class=\"elementor-icon-list-item\">\n\t\t\t\t\t\t\t\t\t\t<span class=\"elementor-icon-list-text\">Promotion et d\u00e9veloppement cibl\u00e9s par le gouvernement sarrois<\/span>\n\t\t\t\t\t\t\t\t\t<\/li>\n\t\t\t\t\t\t\t\t<li class=\"elementor-icon-list-item\">\n\t\t\t\t\t\t\t\t\t\t<span class=\"elementor-icon-list-text\">Renforcement de la comp\u00e9titivit\u00e9 par la recherche appliqu\u00e9e<\/span>\n\t\t\t\t\t\t\t\t\t<\/li>\n\t\t\t\t\t\t<\/ul>\n\t\t\t\t<\/div>\n\t\t\t\t<\/div>\n\t\t\t\t<\/div>\n\t\t\t\t\t<\/div>\n\t\t\t\t<\/div>\n\t\t<div class=\"elementor-element elementor-element-f456654 e-flex e-con-boxed e-con e-parent\" data-id=\"f456654\" data-element_type=\"container\" data-settings=\"{&quot;container_type&quot;:&quot;flex&quot;,&quot;content_width&quot;:&quot;boxed&quot;}\" data-core-v316-plus=\"true\">\n\t\t\t\t\t<div class=\"e-con-inner\">\n\t\t<div class=\"elementor-element elementor-element-ef7c08b e-con-full e-flex e-con e-child\" data-id=\"ef7c08b\" data-element_type=\"container\" data-settings=\"{&quot;content_width&quot;:&quot;full&quot;,&quot;container_type&quot;:&quot;flex&quot;}\">\n\t\t\t\t<div class=\"elementor-element elementor-element-320c725 elementor-widget elementor-widget-heading\" data-id=\"320c725\" data-element_type=\"widget\" data-widget_type=\"heading.default\">\n\t\t\t\t<div class=\"elementor-widget-container\">\n\t\t\t<h2 class=\"elementor-heading-title elementor-size-default\">Une main-d\u2019\u0153uvre qualifi\u00e9e et motiv\u00e9e<\/h2>\t\t<\/div>\n\t\t\t\t<\/div>\n\t\t\t\t<div class=\"elementor-element elementor-element-63e2197 elementor-widget elementor-widget-heading\" data-id=\"63e2197\" data-element_type=\"widget\" data-widget_type=\"heading.default\">\n\t\t\t\t<div class=\"elementor-widget-container\">\n\t\t\t<h3 class=\"elementor-heading-title elementor-size-default\">ET UNE G\u00c9N\u00c9RATION EXP\u00c9RIMENT\u00c9E PR\u00caTE \u00c0 PRENDRE LA REL\u00c8VE<\/h3>\t\t<\/div>\n\t\t\t\t<\/div>\n\t\t\t\t<div class=\"elementor-element elementor-element-a65d6fe elementor-widget elementor-widget-text-editor\" data-id=\"a65d6fe\" data-element_type=\"widget\" data-widget_type=\"text-editor.default\">\n\t\t\t\t<div class=\"elementor-widget-container\">\n\t\t\t\t\t\t\t<p>En Sarre, la main-d\u2019\u0153uvre est tr\u00e8s bien form\u00e9e, motiv\u00e9e, fid\u00e8le et s\u2019identifie fortement \u00e0 son employeur. En raison de sa longue exp\u00e9rience dans le milieu industriel, elle accepte bien le travail en \u00e9quipe et le taux de rotation est faible. La g\u00e9n\u00e9ration pr\u00eate \u00e0 prendre la rel\u00e8ve b\u00e9n\u00e9ficie d\u2019une excellente qualification gr\u00e2ce \u00e0 des formations pratiques et diff\u00e9rentes \u00e9coles sup\u00e9rieures.<\/p>\t\t\t\t\t\t<\/div>\n\t\t\t\t<\/div>\n\t\t\t\t<div class=\"elementor-element elementor-element-0415818 elementor-widget__width-auto elementor-widget-mobile__width-inherit animated-slow elementor-invisible elementor-widget elementor-widget-image\" data-id=\"0415818\" data-element_type=\"widget\" data-settings=\"{&quot;_animation&quot;:&quot;fadeInUp&quot;,&quot;_animation_delay&quot;:1000}\" data-widget_type=\"image.default\">\n\t\t\t\t<div class=\"elementor-widget-container\">\n\t\t\t\t\t\t\t\t\t\t\t\t\t<img decoding=\"async\" src=\"https:\/\/gw2.staubdesign.de\/wp-content\/uploads\/gwSaar_IconFachkraefte.svg\" class=\"attachment-full size-full wp-image-3006\" alt=\"\" \/>\t\t\t\t\t\t\t\t\t\t\t\t\t<\/div>\n\t\t\t\t<\/div>\n\t\t\t\t<div class=\"elementor-element elementor-element-d79164e elementor-widget__width-auto elementor-widget elementor-widget-heading\" data-id=\"d79164e\" data-element_type=\"widget\" data-widget_type=\"heading.default\">\n\t\t\t\t<div class=\"elementor-widget-container\">\n\t\t\t<h3 class=\"elementor-heading-title elementor-size-default\">VOS AVANTAGES EN SARRE<\/h3>\t\t<\/div>\n\t\t\t\t<\/div>\n\t\t\t\t<div class=\"elementor-element elementor-element-18e4899 elementor-icon-list--layout-traditional elementor-list-item-link-full_width elementor-widget elementor-widget-icon-list\" data-id=\"18e4899\" data-element_type=\"widget\" data-widget_type=\"icon-list.default\">\n\t\t\t\t<div class=\"elementor-widget-container\">\n\t\t\t\t\t<ul class=\"elementor-icon-list-items\">\n\t\t\t\t\t\t\t<li class=\"elementor-icon-list-item\">\n\t\t\t\t\t\t\t\t\t\t<span class=\"elementor-icon-list-text\">March\u00e9 de l\u2019emploi transfrontalier avec un potentiel important de main-d\u2019\u0153uvre qualifi\u00e9e entre la France, le Luxembourg et l\u2019Allemagne<\/span>\n\t\t\t\t\t\t\t\t\t<\/li>\n\t\t\t\t\t\t\t\t<li class=\"elementor-icon-list-item\">\n\t\t\t\t\t\t\t\t\t\t<span class=\"elementor-icon-list-text\">Une g\u00e9n\u00e9ration pr\u00eate \u00e0 prendre la rel\u00e8ve, exp\u00e9riment\u00e9e gr\u00e2ce \u00e0 une formation en alternance en entreprise et \u00e0 l\u2019\u00e9cole professionnelle<\/span>\n\t\t\t\t\t\t\t\t\t<\/li>\n\t\t\t\t\t\t\t\t<li class=\"elementor-icon-list-item\">\n\t\t\t\t\t\t\t\t\t\t<span class=\"elementor-icon-list-text\">Formation universitaire diversifi\u00e9e, ax\u00e9e sur l\u2019ing\u00e9nierie et l\u2019informatique<\/span>\n\t\t\t\t\t\t\t\t\t<\/li>\n\t\t\t\t\t\t<\/ul>\n\t\t\t\t<\/div>\n\t\t\t\t<\/div>\n\t\t\t\t<\/div>\n\t\t<div class=\"elementor-element elementor-element-528ef53 e-con-full e-flex e-con e-child\" data-id=\"528ef53\" data-element_type=\"container\" data-settings=\"{&quot;content_width&quot;:&quot;full&quot;,&quot;container_type&quot;:&quot;flex&quot;}\">\n\t\t\t\t<div class=\"elementor-element elementor-element-3146def elementor-widget elementor-widget-image\" data-id=\"3146def\" data-element_type=\"widget\" data-widget_type=\"image.default\">\n\t\t\t\t<div class=\"elementor-widget-container\">\n\t\t\t\t\t\t\t\t\t\t\t\t\t<img fetchpriority=\"high\" decoding=\"async\" width=\"692\" height=\"688\" src=\"https:\/\/gw2.staubdesign.de\/wp-content\/uploads\/projektarbeit.jpg\" class=\"attachment-full size-full wp-image-2890\" alt=\"\" srcset=\"https:\/\/gw2.staubdesign.de\/wp-content\/uploads\/projektarbeit.jpg 692w, https:\/\/gw2.staubdesign.de\/wp-content\/uploads\/projektarbeit-300x298.jpg 300w, https:\/\/gw2.staubdesign.de\/wp-content\/uploads\/projektarbeit-150x150.jpg 150w\" sizes=\"(max-width: 692px) 100vw, 692px\" \/>\t\t\t\t\t\t\t\t\t\t\t\t\t<\/div>\n\t\t\t\t<\/div>\n\t\t\t\t<\/div>\n\t\t\t\t\t<\/div>\n\t\t\t\t<\/div>\n\t\t<div class=\"elementor-element elementor-element-29e2c97 e-flex e-con-boxed e-con e-parent\" data-id=\"29e2c97\" data-element_type=\"container\" data-settings=\"{&quot;background_background&quot;:&quot;classic&quot;,&quot;container_type&quot;:&quot;flex&quot;,&quot;content_width&quot;:&quot;boxed&quot;}\" data-e-bg-lazyload=\"\" data-core-v316-plus=\"true\">\n\t\t\t\t\t<div class=\"e-con-inner\">\n\t\t<div class=\"elementor-element elementor-element-12110bb e-con-full e-flex e-con e-child\" data-id=\"12110bb\" data-element_type=\"container\" data-settings=\"{&quot;content_width&quot;:&quot;full&quot;,&quot;background_background&quot;:&quot;classic&quot;,&quot;container_type&quot;:&quot;flex&quot;}\" data-e-bg-lazyload=\"\">\n\t\t\t\t<div class=\"elementor-element elementor-element-90f4455 elementor-widget elementor-widget-heading\" data-id=\"90f4455\" data-element_type=\"widget\" data-widget_type=\"heading.default\">\n\t\t\t\t<div class=\"elementor-widget-container\">\n\t\t\t<h2 class=\"elementor-heading-title elementor-size-default\">Situation centrale<\/h2>\t\t<\/div>\n\t\t\t\t<\/div>\n\t\t\t\t<div class=\"elementor-element elementor-element-bd42727 elementor-widget elementor-widget-heading\" data-id=\"bd42727\" data-element_type=\"widget\" data-widget_type=\"heading.default\">\n\t\t\t\t<div class=\"elementor-widget-container\">\n\t\t\t<h3 class=\"elementor-heading-title elementor-size-default\">EN PLEIN C\u0152UR DE L\u2019ESPACE \u00c9CONOMIQUE EUROP\u00c9EN<\/h3>\t\t<\/div>\n\t\t\t\t<\/div>\n\t\t\t\t<div class=\"elementor-element elementor-element-95ca3f7 elementor-widget elementor-widget-text-editor\" data-id=\"95ca3f7\" data-element_type=\"widget\" data-widget_type=\"text-editor.default\">\n\t\t\t\t<div class=\"elementor-widget-container\">\n\t\t\t\t\t\t\t<p>La Sarre est bien reli\u00e9e aux m\u00e9tropoles europ\u00e9ennes par la route, le rail et l\u2019avion. La proximit\u00e9 des centres \u00e9conomiques europ\u00e9ens permet par ailleurs d\u2019\u00e9tablir des coop\u00e9rations et relations d\u2019affaires \u00e9troites de part et d\u2019autre des fronti\u00e8res.<\/p>\t\t\t\t\t\t<\/div>\n\t\t\t\t<\/div>\n\t\t\t\t<\/div>\n\t\t\t\t\t<\/div>\n\t\t\t\t<\/div>\n\t\t<div class=\"elementor-element elementor-element-6400bb4 e-flex e-con-boxed e-con e-parent\" data-id=\"6400bb4\" data-element_type=\"container\" data-settings=\"{&quot;container_type&quot;:&quot;flex&quot;,&quot;content_width&quot;:&quot;boxed&quot;}\" data-core-v316-plus=\"true\">\n\t\t\t\t\t<div class=\"e-con-inner\">\n\t\t<div class=\"elementor-element elementor-element-1390718 e-con-full e-flex e-con e-child\" data-id=\"1390718\" data-element_type=\"container\" data-settings=\"{&quot;content_width&quot;:&quot;full&quot;,&quot;container_type&quot;:&quot;flex&quot;}\">\n\t\t\t\t<div class=\"elementor-element elementor-element-66c3202 elementor-widget elementor-widget-image\" data-id=\"66c3202\" data-element_type=\"widget\" data-widget_type=\"image.default\">\n\t\t\t\t<div class=\"elementor-widget-container\">\n\t\t\t\t\t\t\t\t\t\t\t\t\t<img decoding=\"async\" width=\"2336\" height=\"2242\" src=\"https:\/\/gw2.staubdesign.de\/wp-content\/uploads\/karte-gw-saarland-1-en.jpg\" class=\"attachment-full size-full wp-image-5077\" alt=\"\" srcset=\"https:\/\/gw2.staubdesign.de\/wp-content\/uploads\/karte-gw-saarland-1-en.jpg 2336w, https:\/\/gw2.staubdesign.de\/wp-content\/uploads\/karte-gw-saarland-1-en-300x288.jpg 300w, https:\/\/gw2.staubdesign.de\/wp-content\/uploads\/karte-gw-saarland-1-en-1024x983.jpg 1024w, https:\/\/gw2.staubdesign.de\/wp-content\/uploads\/karte-gw-saarland-1-en-768x737.jpg 768w, https:\/\/gw2.staubdesign.de\/wp-content\/uploads\/karte-gw-saarland-1-en-1536x1474.jpg 1536w, https:\/\/gw2.staubdesign.de\/wp-content\/uploads\/karte-gw-saarland-1-en-2048x1966.jpg 2048w\" sizes=\"(max-width: 2336px) 100vw, 2336px\" \/>\t\t\t\t\t\t\t\t\t\t\t\t\t<\/div>\n\t\t\t\t<\/div>\n\t\t\t\t<\/div>\n\t\t<div class=\"elementor-element elementor-element-1fd02ad e-con-full e-flex e-con e-child\" data-id=\"1fd02ad\" data-element_type=\"container\" data-settings=\"{&quot;content_width&quot;:&quot;full&quot;,&quot;container_type&quot;:&quot;flex&quot;}\">\n\t\t\t\t<div class=\"elementor-element elementor-element-a720bdb elementor-widget elementor-widget-heading\" data-id=\"a720bdb\" data-element_type=\"widget\" data-widget_type=\"heading.default\">\n\t\t\t\t<div class=\"elementor-widget-container\">\n\t\t\t<h2 class=\"elementor-heading-title elementor-size-default\">La Sarre, site logistique<\/h2>\t\t<\/div>\n\t\t\t\t<\/div>\n\t\t\t\t<div class=\"elementor-element elementor-element-e3cb58b elementor-widget elementor-widget-heading\" data-id=\"e3cb58b\" data-element_type=\"widget\" data-widget_type=\"heading.default\">\n\t\t\t\t<div class=\"elementor-widget-container\">\n\t\t\t<div class=\"elementor-heading-title elementor-size-default\">RAPIDE, EFFICACE, FIABLE<\/div>\t\t<\/div>\n\t\t\t\t<\/div>\n\t\t\t\t<div class=\"elementor-element elementor-element-a9ada5d elementor-widget elementor-widget-text-editor\" data-id=\"a9ada5d\" data-element_type=\"widget\" data-widget_type=\"text-editor.default\">\n\t\t\t\t<div class=\"elementor-widget-container\">\n\t\t\t\t\t\t\t<p>Vous pouvez livrer tous vos clients europ\u00e9ens \u00e0 partir d\u2019un seul centre logistique en Sarre. En effet, en 18\u00a0heures de route, vous atteignez par camion la majeure partie de l\u2019Europe.<\/p>\t\t\t\t\t\t<\/div>\n\t\t\t\t<\/div>\n\t\t\t\t<div class=\"elementor-element elementor-element-1b3d00a elementor-widget__width-auto elementor-widget-mobile__width-inherit animated-slow elementor-invisible elementor-widget elementor-widget-image\" data-id=\"1b3d00a\" data-element_type=\"widget\" data-settings=\"{&quot;_animation&quot;:&quot;fadeInUp&quot;,&quot;_animation_delay&quot;:1000}\" data-widget_type=\"image.default\">\n\t\t\t\t<div class=\"elementor-widget-container\">\n\t\t\t\t\t\t\t\t\t\t\t\t\t<img decoding=\"async\" src=\"https:\/\/gw2.staubdesign.de\/wp-content\/uploads\/gwSaar_Icon_LKW.svg\" class=\"attachment-full size-full wp-image-2444\" alt=\"\" \/>\t\t\t\t\t\t\t\t\t\t\t\t\t<\/div>\n\t\t\t\t<\/div>\n\t\t\t\t<div class=\"elementor-element elementor-element-57d82bc elementor-widget__width-auto elementor-widget elementor-widget-heading\" data-id=\"57d82bc\" data-element_type=\"widget\" data-widget_type=\"heading.default\">\n\t\t\t\t<div class=\"elementor-widget-container\">\n\t\t\t<h3 class=\"elementor-heading-title elementor-size-default\">NOTRE AVANTAGE LOGISTIQUE<\/h3>\t\t<\/div>\n\t\t\t\t<\/div>\n\t\t\t\t<div class=\"elementor-element elementor-element-089d448 elementor-icon-list--layout-traditional elementor-list-item-link-full_width elementor-widget elementor-widget-icon-list\" data-id=\"089d448\" data-element_type=\"widget\" data-widget_type=\"icon-list.default\">\n\t\t\t\t<div class=\"elementor-widget-container\">\n\t\t\t\t\t<ul class=\"elementor-icon-list-items\">\n\t\t\t\t\t\t\t<li class=\"elementor-icon-list-item\">\n\t\t\t\t\t\t\t\t\t\t<span class=\"elementor-icon-list-text\">Excellentes liaisons par la route et le rail<\/span>\n\t\t\t\t\t\t\t\t\t<\/li>\n\t\t\t\t\t\t\t\t<li class=\"elementor-icon-list-item\">\n\t\t\t\t\t\t\t\t\t\t<span class=\"elementor-icon-list-text\">Des partenaires exp\u00e9riment\u00e9s et fiables pour les ventes et le stockage<\/span>\n\t\t\t\t\t\t\t\t\t<\/li>\n\t\t\t\t\t\t\t\t<li class=\"elementor-icon-list-item\">\n\t\t\t\t\t\t\t\t\t\t<span class=\"elementor-icon-list-text\">Un secteur logistique bien positionn\u00e9 pour l\u2019industrie et la production<\/span>\n\t\t\t\t\t\t\t\t\t<\/li>\n\t\t\t\t\t\t<\/ul>\n\t\t\t\t<\/div>\n\t\t\t\t<\/div>\n\t\t\t\t<\/div>\n\t\t\t\t\t<\/div>\n\t\t\t\t<\/div>\n\t\t<div class=\"elementor-element elementor-element-04f77cb e-flex e-con-boxed e-con e-parent\" data-id=\"04f77cb\" data-element_type=\"container\" data-settings=\"{&quot;container_type&quot;:&quot;flex&quot;,&quot;content_width&quot;:&quot;boxed&quot;}\" data-core-v316-plus=\"true\">\n\t\t\t\t\t<div class=\"e-con-inner\">\n\t\t<div class=\"elementor-element elementor-element-0ba13a9 e-con-full e-flex e-con e-child\" data-id=\"0ba13a9\" data-element_type=\"container\" data-settings=\"{&quot;content_width&quot;:&quot;full&quot;,&quot;container_type&quot;:&quot;flex&quot;}\">\n\t\t\t\t<div class=\"elementor-element elementor-element-6190d74 elementor-widget elementor-widget-heading\" data-id=\"6190d74\" data-element_type=\"widget\" data-widget_type=\"heading.default\">\n\t\t\t\t<div class=\"elementor-widget-container\">\n\t\t\t<h2 class=\"elementor-heading-title elementor-size-default\">Synergies li\u00e9es \u00e0 la proximit\u00e9<\/h2>\t\t<\/div>\n\t\t\t\t<\/div>\n\t\t\t\t<div class=\"elementor-element elementor-element-f4e44ba elementor-widget elementor-widget-heading\" data-id=\"f4e44ba\" data-element_type=\"widget\" data-widget_type=\"heading.default\">\n\t\t\t\t<div class=\"elementor-widget-container\">\n\t\t\t<h3 class=\"elementor-heading-title elementor-size-default\">UN CONCENTR\u00c9 D\u2019INNOVATION \u00c0 PROXIMIT\u00c9 IMM\u00c9DIATE<\/h3>\t\t<\/div>\n\t\t\t\t<\/div>\n\t\t\t\t<div class=\"elementor-element elementor-element-1f58d71 elementor-widget elementor-widget-text-editor\" data-id=\"1f58d71\" data-element_type=\"widget\" data-widget_type=\"text-editor.default\">\n\t\t\t\t<div class=\"elementor-widget-container\">\n\t\t\t\t\t\t\t<p>Notre Land est connu pour son excellente mise en r\u00e9seau intersectorielle. Vous trouverez ici un environnement stimulant o\u00f9 convergent les id\u00e9es novatrices de diff\u00e9rents secteurs et o\u00f9 naissent des synergies, que ce soit dans la production, l\u2019\u00e9lectromobilit\u00e9 ou l\u2019industrie.<\/p><p>Max Planck, Fraunhofer ou Leibniz \u2013 de nombreux centres de recherche de tout premier ordre et d\u2019excellentes institutions scientifiques encouragent l\u2019innovation, les nouvelles id\u00e9es et le d\u00e9veloppement de l\u2019industrie. Nous appuyons votre coop\u00e9ration avec les universit\u00e9s et les nombreux centres de recherche de notre Land.<\/p><p>Ces liens \u00e9troits avec des experts issus de diff\u00e9rentes disciplines vous offrent un grand nombre d\u2019opportunit\u00e9s de coop\u00e9ration et de solutions novatrices.<\/p>\t\t\t\t\t\t<\/div>\n\t\t\t\t<\/div>\n\t\t\t\t<\/div>\n\t\t<div class=\"elementor-element elementor-element-ac7f934 e-con-full e-flex e-con e-child\" data-id=\"ac7f934\" data-element_type=\"container\" data-settings=\"{&quot;content_width&quot;:&quot;full&quot;,&quot;container_type&quot;:&quot;flex&quot;}\">\n\t\t\t\t<div class=\"elementor-element elementor-element-d9e2212 elementor-widget elementor-widget-image\" data-id=\"d9e2212\" data-element_type=\"widget\" data-widget_type=\"image.default\">\n\t\t\t\t<div class=\"elementor-widget-container\">\n\t\t\t\t\t\t\t\t\t\t\t\t\t<img decoding=\"async\" width=\"800\" height=\"731\" src=\"https:\/\/gw2.staubdesign.de\/wp-content\/uploads\/gw-uni.jpg\" class=\"attachment-full size-full wp-image-3007\" alt=\"\" srcset=\"https:\/\/gw2.staubdesign.de\/wp-content\/uploads\/gw-uni.jpg 800w, https:\/\/gw2.staubdesign.de\/wp-content\/uploads\/gw-uni-300x274.jpg 300w, https:\/\/gw2.staubdesign.de\/wp-content\/uploads\/gw-uni-768x702.jpg 768w\" sizes=\"(max-width: 800px) 100vw, 800px\" \/>\t\t\t\t\t\t\t\t\t\t\t\t\t<\/div>\n\t\t\t\t<\/div>\n\t\t\t\t<\/div>\n\t\t\t\t\t<\/div>\n\t\t\t\t<\/div>\n\t\t\t\t<\/div>\n\t\t","protected":false},"excerpt":{"rendered":"<p>L\u00e0 o\u00f9 bat le c\u0153ur de l\u2019Europe La Sarre est en Plein c\u0152ur de L&rsquo;importante zone \u00e9conomique UE GERMANY&rsquo;S SAARLAND Unique, internationale, vari\u00e9e La Sarre, l\u2019un des 16 \u00c9tats f\u00e9d\u00e9raux d&rsquo;Allemagne, se distingue par une histoire hors du commun. En 250 ans, le Land a chang\u00e9 8 fois de nationalit\u00e9. Autrefois, nous \u00e9tions fran\u00e7ais et [&hellip;]<\/p>\n","protected":false},"author":1,"featured_media":0,"parent":0,"menu_order":0,"comment_status":"closed","ping_status":"closed","template":"","meta":{"site-sidebar-layout":"no-sidebar","site-content-layout":"page-builder","ast-site-content-layout":"full-width-container","site-content-style":"unboxed","site-sidebar-style":"unboxed","ast-global-header-display":"","ast-banner-title-visibility":"","ast-main-header-display":"","ast-hfb-above-header-display":"","ast-hfb-below-header-display":"","ast-hfb-mobile-header-display":"","site-post-title":"disabled","ast-breadcrumbs-content":"","ast-featured-img":"disabled","footer-sml-layout":"","theme-transparent-header-meta":"","adv-header-id-meta":"","stick-header-meta":"","header-above-stick-meta":"","header-main-stick-meta":"","header-below-stick-meta":"","astra-migrate-meta-layouts":"default","ast-page-background-enabled":"default","ast-page-background-meta":{"desktop":{"background-color":"var(--ast-global-color-4)","background-image":"","background-repeat":"repeat","background-position":"center center","background-size":"auto","background-attachment":"scroll","background-type":"","background-media":"","overlay-type":"","overlay-color":"","overlay-gradient":""},"tablet":{"background-color":"","background-image":"","background-repeat":"repeat","background-position":"center center","background-size":"auto","background-attachment":"scroll","background-type":"","background-media":"","overlay-type":"","overlay-color":"","overlay-gradient":""},"mobile":{"background-color":"","background-image":"","background-repeat":"repeat","background-position":"center center","background-size":"auto","background-attachment":"scroll","background-type":"","background-media":"","overlay-type":"","overlay-color":"","overlay-gradient":""}},"ast-content-background-meta":{"desktop":{"background-color":"var(--ast-global-color-5)","background-image":"","background-repeat":"repeat","background-position":"center center","background-size":"auto","background-attachment":"scroll","background-type":"","background-media":"","overlay-type":"","overlay-color":"","overlay-gradient":""},"tablet":{"background-color":"var(--ast-global-color-5)","background-image":"","background-repeat":"repeat","background-position":"center center","background-size":"auto","background-attachment":"scroll","background-type":"","background-media":"","overlay-type":"","overlay-color":"","overlay-gradient":""},"mobile":{"background-color":"var(--ast-global-color-5)","background-image":"","background-repeat":"repeat","background-position":"center center","background-size":"auto","background-attachment":"scroll","background-type":"","background-media":"","overlay-type":"","overlay-color":"","overlay-gradient":""}},"footnotes":""},"class_list":["post-5062","page","type-page","status-publish","hentry"],"yoast_head":"<!-- This site is optimized with the Yoast SEO plugin v22.1 - https:\/\/yoast.com\/wordpress\/plugins\/seo\/ -->\n<title>La Sarre : au c\u0153ur de l&#039;Europe et de zones \u00e9conomiques importantes<\/title>\n<meta name=\"description\" content=\"La situation g\u00e9ographique centrale, les liens internationaux et la diversit\u00e9 de la Sarre font de ce Land un site attractif.\" \/>\n<meta name=\"robots\" content=\"index, follow, max-snippet:-1, max-image-preview:large, max-video-preview:-1\" \/>\n<link rel=\"canonical\" href=\"https:\/\/gw2.staubdesign.de\/saarland\/\" \/>\n<meta property=\"og:locale\" content=\"fr_FR\" \/>\n<meta property=\"og:type\" content=\"article\" \/>\n<meta property=\"og:title\" content=\"La Sarre : au c\u0153ur de l&#039;Europe et de zones \u00e9conomiques importantes\" \/>\n<meta property=\"og:description\" content=\"La situation g\u00e9ographique centrale, les liens internationaux et la diversit\u00e9 de la Sarre font de ce Land un site attractif.\" \/>\n<meta property=\"og:url\" content=\"https:\/\/gw2.staubdesign.de\/saarland\/\" \/>\n<meta property=\"og:site_name\" content=\"GW Saarland\" \/>\n<meta property=\"article:publisher\" content=\"https:\/\/www.facebook.com\/germanys.saarland\/\" \/>\n<meta property=\"article:modified_time\" content=\"2024-02-27T16:05:49+00:00\" \/>\n<meta property=\"og:image\" content=\"https:\/\/gw2.staubdesign.de\/wp-content\/uploads\/industrie-icon-white.svg\" \/>\n<meta name=\"twitter:card\" content=\"summary_large_image\" \/>\n<meta name=\"twitter:label1\" content=\"Dur\u00e9e de lecture estim\u00e9e\" \/>\n\t<meta name=\"twitter:data1\" content=\"5 minutes\" \/>\n<script type=\"application\/ld+json\" class=\"yoast-schema-graph\">{\"@context\":\"https:\/\/schema.org\",\"@graph\":[{\"@type\":\"WebPage\",\"@id\":\"https:\/\/gw2.staubdesign.de\/saarland\/\",\"url\":\"https:\/\/gw2.staubdesign.de\/saarland\/\",\"name\":\"La Sarre : au c\u0153ur de l'Europe et de zones \u00e9conomiques importantes\",\"isPartOf\":{\"@id\":\"https:\/\/gw2.staubdesign.de\/#website\"},\"datePublished\":\"2023-03-15T12:06:49+00:00\",\"dateModified\":\"2024-02-27T16:05:49+00:00\",\"description\":\"La situation g\u00e9ographique centrale, les liens internationaux et la diversit\u00e9 de la Sarre font de ce Land un site attractif.\",\"breadcrumb\":{\"@id\":\"https:\/\/gw2.staubdesign.de\/saarland\/#breadcrumb\"},\"inLanguage\":\"fr-FR\",\"potentialAction\":[{\"@type\":\"ReadAction\",\"target\":[\"https:\/\/gw2.staubdesign.de\/saarland\/\"]}]},{\"@type\":\"BreadcrumbList\",\"@id\":\"https:\/\/gw2.staubdesign.de\/saarland\/#breadcrumb\",\"itemListElement\":[{\"@type\":\"ListItem\",\"position\":1,\"name\":\"Startseite\",\"item\":\"https:\/\/gw2.staubdesign.de\/fr\/\"},{\"@type\":\"ListItem\",\"position\":2,\"name\":\"Sarre\"}]},{\"@type\":\"WebSite\",\"@id\":\"https:\/\/gw2.staubdesign.de\/#website\",\"url\":\"https:\/\/gw2.staubdesign.de\/\",\"name\":\"Germanys Saarland\",\"description\":\"\",\"publisher\":{\"@id\":\"https:\/\/gw2.staubdesign.de\/#organization\"},\"potentialAction\":[{\"@type\":\"SearchAction\",\"target\":{\"@type\":\"EntryPoint\",\"urlTemplate\":\"https:\/\/gw2.staubdesign.de\/?s={search_term_string}\"},\"query-input\":\"required name=search_term_string\"}],\"inLanguage\":\"fr-FR\"},{\"@type\":\"Organization\",\"@id\":\"https:\/\/gw2.staubdesign.de\/#organization\",\"name\":\"Germanys Saarland\",\"url\":\"https:\/\/gw2.staubdesign.de\/\",\"logo\":{\"@type\":\"ImageObject\",\"inLanguage\":\"fr-FR\",\"@id\":\"https:\/\/gw2.staubdesign.de\/#\/schema\/logo\/image\/\",\"url\":\"https:\/\/gw2.staubdesign.de\/wp-content\/uploads\/logo-germanys-saarland.svg\",\"contentUrl\":\"https:\/\/gw2.staubdesign.de\/wp-content\/uploads\/logo-germanys-saarland.svg\",\"width\":153,\"height\":48,\"caption\":\"Germanys Saarland\"},\"image\":{\"@id\":\"https:\/\/gw2.staubdesign.de\/#\/schema\/logo\/image\/\"},\"sameAs\":[\"https:\/\/www.facebook.com\/germanys.saarland\/\",\"https:\/\/www.instagram.com\/germanys.saarland\/\",\"https:\/\/de.linkedin.com\/company\/gwsaar-saarland-economic-promotion-corporation\"]}]}<\/script>\n<!-- \/ Yoast SEO plugin. -->","yoast_head_json":{"title":"La Sarre : au c\u0153ur de l'Europe et de zones \u00e9conomiques importantes","description":"La situation g\u00e9ographique centrale, les liens internationaux et la diversit\u00e9 de la Sarre font de ce Land un site attractif.","robots":{"index":"index","follow":"follow","max-snippet":"max-snippet:-1","max-image-preview":"max-image-preview:large","max-video-preview":"max-video-preview:-1"},"canonical":"https:\/\/gw2.staubdesign.de\/saarland\/","og_locale":"fr_FR","og_type":"article","og_title":"La Sarre : au c\u0153ur de l'Europe et de zones \u00e9conomiques importantes","og_description":"La situation g\u00e9ographique centrale, les liens internationaux et la diversit\u00e9 de la Sarre font de ce Land un site attractif.","og_url":"https:\/\/gw2.staubdesign.de\/saarland\/","og_site_name":"GW Saarland","article_publisher":"https:\/\/www.facebook.com\/germanys.saarland\/","article_modified_time":"2024-02-27T16:05:49+00:00","og_image":[{"url":"https:\/\/gw2.staubdesign.de\/wp-content\/uploads\/industrie-icon-white.svg"}],"twitter_card":"summary_large_image","twitter_misc":{"Dur\u00e9e de lecture estim\u00e9e":"5 minutes"},"schema":{"@context":"https:\/\/schema.org","@graph":[{"@type":"WebPage","@id":"https:\/\/gw2.staubdesign.de\/saarland\/","url":"https:\/\/gw2.staubdesign.de\/saarland\/","name":"La Sarre : au c\u0153ur de l'Europe et de zones \u00e9conomiques importantes","isPartOf":{"@id":"https:\/\/gw2.staubdesign.de\/#website"},"datePublished":"2023-03-15T12:06:49+00:00","dateModified":"2024-02-27T16:05:49+00:00","description":"La situation g\u00e9ographique centrale, les liens internationaux et la diversit\u00e9 de la Sarre font de ce Land un site attractif.","breadcrumb":{"@id":"https:\/\/gw2.staubdesign.de\/saarland\/#breadcrumb"},"inLanguage":"fr-FR","potentialAction":[{"@type":"ReadAction","target":["https:\/\/gw2.staubdesign.de\/saarland\/"]}]},{"@type":"BreadcrumbList","@id":"https:\/\/gw2.staubdesign.de\/saarland\/#breadcrumb","itemListElement":[{"@type":"ListItem","position":1,"name":"Startseite","item":"https:\/\/gw2.staubdesign.de\/fr\/"},{"@type":"ListItem","position":2,"name":"Sarre"}]},{"@type":"WebSite","@id":"https:\/\/gw2.staubdesign.de\/#website","url":"https:\/\/gw2.staubdesign.de\/","name":"Germanys Saarland","description":"","publisher":{"@id":"https:\/\/gw2.staubdesign.de\/#organization"},"potentialAction":[{"@type":"SearchAction","target":{"@type":"EntryPoint","urlTemplate":"https:\/\/gw2.staubdesign.de\/?s={search_term_string}"},"query-input":"required name=search_term_string"}],"inLanguage":"fr-FR"},{"@type":"Organization","@id":"https:\/\/gw2.staubdesign.de\/#organization","name":"Germanys Saarland","url":"https:\/\/gw2.staubdesign.de\/","logo":{"@type":"ImageObject","inLanguage":"fr-FR","@id":"https:\/\/gw2.staubdesign.de\/#\/schema\/logo\/image\/","url":"https:\/\/gw2.staubdesign.de\/wp-content\/uploads\/logo-germanys-saarland.svg","contentUrl":"https:\/\/gw2.staubdesign.de\/wp-content\/uploads\/logo-germanys-saarland.svg","width":153,"height":48,"caption":"Germanys Saarland"},"image":{"@id":"https:\/\/gw2.staubdesign.de\/#\/schema\/logo\/image\/"},"sameAs":["https:\/\/www.facebook.com\/germanys.saarland\/","https:\/\/www.instagram.com\/germanys.saarland\/","https:\/\/de.linkedin.com\/company\/gwsaar-saarland-economic-promotion-corporation"]}]}},"_links":{"self":[{"href":"https:\/\/gw2.staubdesign.de\/fr\/wp-json\/wp\/v2\/pages\/5062","targetHints":{"allow":["GET"]}}],"collection":[{"href":"https:\/\/gw2.staubdesign.de\/fr\/wp-json\/wp\/v2\/pages"}],"about":[{"href":"https:\/\/gw2.staubdesign.de\/fr\/wp-json\/wp\/v2\/types\/page"}],"author":[{"embeddable":true,"href":"https:\/\/gw2.staubdesign.de\/fr\/wp-json\/wp\/v2\/users\/1"}],"replies":[{"embeddable":true,"href":"https:\/\/gw2.staubdesign.de\/fr\/wp-json\/wp\/v2\/comments?post=5062"}],"version-history":[{"count":10,"href":"https:\/\/gw2.staubdesign.de\/fr\/wp-json\/wp\/v2\/pages\/5062\/revisions"}],"predecessor-version":[{"id":6097,"href":"https:\/\/gw2.staubdesign.de\/fr\/wp-json\/wp\/v2\/pages\/5062\/revisions\/6097"}],"wp:attachment":[{"href":"https:\/\/gw2.staubdesign.de\/fr\/wp-json\/wp\/v2\/media?parent=5062"}],"curies":[{"name":"wp","href":"https:\/\/api.w.org\/{rel}","templated":true}]}}